{"id":1689,"date":"2025-08-14T08:43:11","date_gmt":"2025-08-14T06:43:11","guid":{"rendered":"https:\/\/staging.hdw-verden.de\/madeinkirchlinteln\/?page_id=1689"},"modified":"2026-01-02T13:14:20","modified_gmt":"2026-01-02T12:14:20","slug":"startseite","status":"publish","type":"page","link":"https:\/\/staging.hdw-verden.de\/madeinkirchlinteln\/","title":{"rendered":"Startseite"},"content":{"rendered":"\n<main id=\"wp-container-69f30cbb27034\" class=\"wp-block-group alignfull is-layout-flow wp-container-core-group-is-layout-914d67f4 wp-block-group-is-layout-flow\" style=\"margin-top:4.5%;padding-right:0;padding-left:0\">\n<div class=\"wp-block-group has-global-padding is-content-justification-center is-layout-constrained wp-container-core-group-is-layout-d7a71814 wp-block-group-is-layout-constrained\" style=\"padding-right:0;padding-left:0\">\n<div class=\"wp-block-group alignfull has-primary-background-color has-background is-layout-flow wp-container-core-group-is-layout-2a668712 wp-block-group-is-layout-flow\" style=\"border-radius:8px;margin-top:0;margin-bottom:0;padding-top:0;padding-right:0;padding-bottom:0;padding-left:0\">\n<div class=\"wp-block-cover aligncenter has-custom-content-position is-position-bottom-left full-rounded-cover full-rounded-image is-style-default wp-duotone-unset-1\" style=\"border-radius:0px;margin-top:0;margin-bottom:0;padding-top:8%;padding-right:9%;padding-bottom:7%;padding-left:15%;min-height:1060px;aspect-ratio:unset;\"><img loading=\"lazy\" decoding=\"async\" width=\"1920\" height=\"1080\"   data-anim-action=\"fadeIn\" data-anim-event=\"load\" data-anim-triggered=\"false\" data-anim-from=\"opacity: 0;\" data-anim-to=\"opacity: 1;\" data-anim-id=\"anim-69f30cbb1a8c9\" data-anim-reverse=\"false\" data-anim-time=\"2000\" class=\"wp-block-cover__image-background wp-image-380 size-full\" alt=\"madeinkirchlintelnm\u00fchle\" src=\"https:\/\/staging.hdw-verden.de\/madeinkirchlinteln\/wp-content\/uploads\/sites\/22\/2025\/08\/Zeichenflaeche-1.png\" data-object-fit=\"cover\" srcset=\"https:\/\/staging.hdw-verden.de\/madeinkirchlinteln\/wp-content\/uploads\/sites\/22\/2025\/08\/Zeichenflaeche-1.png 1920w, https:\/\/staging.hdw-verden.de\/madeinkirchlinteln\/wp-content\/uploads\/sites\/22\/2025\/08\/Zeichenflaeche-1-300x169.png 300w, https:\/\/staging.hdw-verden.de\/madeinkirchlinteln\/wp-content\/uploads\/sites\/22\/2025\/08\/Zeichenflaeche-1-1024x576.png 1024w, https:\/\/staging.hdw-verden.de\/madeinkirchlinteln\/wp-content\/uploads\/sites\/22\/2025\/08\/Zeichenflaeche-1-768x432.png 768w, https:\/\/staging.hdw-verden.de\/madeinkirchlinteln\/wp-content\/uploads\/sites\/22\/2025\/08\/Zeichenflaeche-1-1536x864.png 1536w\" sizes=\"auto, (max-width: 1920px) 100vw, 1920px\" \/><span aria-hidden=\"true\" class=\"wp-block-cover__background has-background-dim-80 has-background-dim wp-block-cover__gradient-background has-background-gradient\" style=\"background:linear-gradient(90deg,rgb(0,0,0) 11%,rgba(224,169,81,0.22) 100%)\"><\/span><div class=\"wp-block-cover__inner-container has-global-padding is-layout-constrained wp-container-core-cover-is-layout-57924118 wp-block-cover-is-layout-constrained\">\n<div class=\"wp-block-group aligncenter has-background-color has-text-color has-link-color wp-elements-e4735fdd56aa7c76a2c473e206f75e2a has-global-padding is-content-justification-left is-layout-constrained wp-container-core-group-is-layout-50addc7a wp-block-group-is-layout-constrained gs_rxvQzj group_wrap\" style=\"margin-top:0;margin-bottom:10%;padding-top:var(--wp--preset--spacing--medium);padding-bottom:var(--wp--preset--spacing--medium);padding-left:0\"  data-anim-action=\"translateY\" data-anim-event=\"hover\" data-anim-triggered=\"false\" data-anim-from=\"transform: translateY(0px);transform-origin: center center;\" data-anim-to=\"transform: translateY(-10px);\">\n<h1 class=\"wp-block-heading has-text-align-left has-lightest-color has-text-color has-link-color wp-elements-d0c5f2eed4b806f84a72b62f89b0d1f2 gs_p10kTo\" style=\"margin-top:var(--wp--preset--spacing--small);margin-bottom:0;font-size:clamp(2.629rem, 2.629rem + ((1vw - 0.2rem) * 4.311), 5rem);\">Made in Kirchlinteln<\/h1>\n\n\n\n<div id=\"greyd-69f30cbb1a3b4\" class=\"wp-block-greyd-box gs_wu2MmV greyd-content-box gs_wu2MmV\">\n<p class=\"has-large-font-size gs_eZmaqg\" style=\"margin-top:0;margin-bottom:0;padding-bottom:var(--wp--preset--spacing--large);font-style:normal;font-weight:400\">Kirchlinteln hat viel zu bieten \u2013 von Freizeitm\u00f6glichkeiten bis zur Arbeitswelt. Auf diesen Seiten finden Sie Wissenswertes \u00fcber Kirchlinteln und alle 17 Ortschaften. Entdecken Sie den passenden Job, den richtigen Verein oder die gesuchte Veranstaltung in der Gemeinde.<\/p>\n<\/div>\n<\/div>\n<\/div><\/div>\n<\/div>\n<\/div>\n\n\n\n<div class=\"wp-block-group has-lightest-background-color has-background is-layout-flow wp-container-core-group-is-layout-986ba1c0 wp-block-group-is-layout-flow gs_8s5n6p group_wrap\" style=\"margin-top:0;margin-bottom:0;padding-top:var(--wp--preset--spacing--x-large);padding-right:0;padding-bottom:var(--wp--preset--spacing--x-large);padding-left:0\">\n<p class=\"has-text-align-center has-primary-color has-text-color\" style=\"font-style:normal;font-weight:700\">Menschen, Wirtschaft und Ideen <\/p>\n\n\n\n<h2 class=\"wp-block-heading has-text-align-center is-style-wide\">Entdecken Sie die Gemeinde Kirchlinteln<\/h2>\n\n\n\n<div class=\"wp-block-group aligncenter is-content-justification-center is-nowrap is-layout-flex wp-container-core-group-is-layout-4b6fbeb5 wp-block-group-is-layout-flex\" style=\"margin-top:var(--wp--preset--spacing--large);margin-bottom:var(--wp--preset--spacing--large);padding-right:0;padding-left:0\">\n<div class=\"wp-block-group hidden-sm hidden-xs wp-container-content-577e1c61 is-vertical is-content-justification-right is-nowrap is-layout-flex wp-container-core-group-is-layout-12642441 wp-block-group-is-layout-flex\" style=\"padding-top:0;padding-right:0;padding-bottom:0;padding-left:0\">\n<p class=\"has-foreground-color has-base-background-color has-text-color has-background has-link-color has-base-font-size wp-elements-4077b20c49deaccc23195d73f20be2ec\" style=\"border-right-color:var(--wp--preset--color--primary);border-right-width:2px;border-bottom-color:var(--wp--preset--color--primary);border-bottom-width:2px\"  data-anim-action=\"translateY\" data-anim-event=\"hover\" data-anim-triggered=\"false\" data-anim-from=\"transform: translateY(0px);transform-origin: center center;\" data-anim-to=\"transform: translateY(-10px);\" data-anim-id=\"anim-69f30cbb1ad66\"><strong><mark style=\"background-color:rgba(0, 0, 0, 0);color:#e3000f\" class=\"has-inline-color\">8<\/mark><\/strong> E-Ladestationen<\/p>\n\n\n\n<div class=\"wp-block-greyd-box gs_Rg69w4 greyd-content-box gs_Rg69w4\"  data-anim-action=\"translateY\" data-anim-event=\"hover\" data-anim-triggered=\"false\" data-anim-from=\"transform: translateY(0px);transform-origin: center center;\" data-anim-to=\"transform: translateY(-10px);\">\n<p class=\"has-foreground-color has-base-background-color has-text-color has-background has-link-color has-base-font-size wp-elements-30dc24d06df43552ea25de75f43216eb gs_anwsQ2\" style=\"border-right-color:var(--wp--preset--color--primary);border-right-width:2px;border-bottom-color:var(--wp--preset--color--primary);border-bottom-width:2px\">Kirchlilteln ist die <strong><mark style=\"background-color:rgba(0, 0, 0, 0);color:#e3000f\" class=\"has-inline-color\">fl\u00e4chesgr\u00f6sste<\/mark> Gemeinde<\/strong> im Landkreis Verden<\/p>\n<\/div>\n\n\n\n<p class=\"has-text-align-right has-foreground-color has-base-background-color has-text-color has-background has-link-color has-large-font-size wp-elements-9dd5ab1282d0225705eeba5893efe5b8\" style=\"border-right-color:var(--wp--preset--color--primary);border-right-width:2px;border-bottom-color:var(--wp--preset--color--primary);border-bottom-width:2px\"  data-anim-action=\"translateY\" data-anim-event=\"hover\" data-anim-triggered=\"false\" data-anim-from=\"transform: translateY(0px);transform-origin: center center;\" data-anim-to=\"transform: translateY(-10px);\" data-anim-id=\"anim-69f30cbb1aedb\"><strong><span class=\"is-upper\"><mark style=\"background-color:rgba(0, 0, 0, 0);color:#e3000f\" class=\"has-inline-color\">10.868<\/mark><\/span><\/strong> <strong>Einwohnerinnen<\/strong> und <strong>Einwohner<\/strong><\/p>\n\n\n\n<p class=\"has-foreground-color has-base-background-color has-text-color has-background has-link-color has-medium-font-size wp-elements-3e6587dee5490f70bc3c94513531770a\" style=\"border-right-color:var(--wp--preset--color--primary);border-right-width:2px;border-bottom-color:var(--wp--preset--color--primary);border-bottom-width:2px\"  data-anim-action=\"translateY\" data-anim-event=\"hover\" data-anim-triggered=\"false\" data-anim-from=\"transform: translateY(0px);transform-origin: center center;\" data-anim-to=\"transform: translateY(-10px);\" data-anim-id=\"anim-69f30cbb1af51\"><strong><mark style=\"background-color:rgba(0, 0, 0, 0);color:#e3000f\" class=\"has-inline-color\">33%<\/mark> Waldfl\u00e4che<\/strong><\/p>\n\n\n\n<p class=\"has-foreground-color has-base-background-color has-text-color has-background has-link-color has-base-font-size wp-elements-c5189d6b8c5645ea9339d859c00991b6\" style=\"border-right-color:var(--wp--preset--color--primary);border-right-width:2px;border-bottom-color:var(--wp--preset--color--primary);border-bottom-width:2px\"  data-anim-action=\"translateY\" data-anim-event=\"hover\" data-anim-triggered=\"false\" data-anim-from=\"transform: translateY(0px);transform-origin: center center;\" data-anim-to=\"transform: translateY(-10px);\" data-anim-id=\"anim-69f30cbb1afc5\"><strong><mark style=\"background-color:rgba(0, 0, 0, 0);color:#e3000f\" class=\"has-inline-color\">42<\/mark><\/strong> Spielpl\u00e4tze<\/p>\n<\/div>\n\n\n\n<figure class=\"wp-block-image aligncenter size-full is-resized wp-container-content-dc435e0d\" style=\"margin-top:var(--wp--preset--spacing--medium);margin-right:var(--wp--preset--spacing--tiny);margin-bottom:var(--wp--preset--spacing--medium);margin-left:var(--wp--preset--spacing--tiny)\"  data-anim-action=\"translateY\" data-anim-event=\"hover\" data-anim-triggered=\"false\" data-anim-from=\"transform: translateY(0px);transform-origin: center center;\" data-anim-to=\"transform: translateY(-10px);\" data-anim-id=\"anim-69f30cbb1b13c\"><img decoding=\"async\" src=\"https:\/\/staging.hdw-verden.de\/madeinkirchlinteln\/wp-content\/uploads\/sites\/22\/2025\/08\/Kirchlinteln-map-12.svg\" alt=\"Schematische Karte der Umgebung von Kirchlinteln, Kirchlinten\" class=\"wp-image-1792\" style=\"aspect-ratio:1;object-fit:cover;width:856px;height:auto\"\/><\/figure>\n\n\n\n<div class=\"wp-block-group hidden-sm hidden-xs wp-container-content-577e1c61 is-vertical is-content-justification-left is-nowrap is-layout-flex wp-container-core-group-is-layout-d929511b wp-block-group-is-layout-flex\" style=\"margin-top:0;margin-bottom:0;padding-right:0;padding-left:0\">\n<p class=\"has-foreground-color has-base-background-color has-text-color has-background has-link-color has-base-font-size wp-elements-8227e53daf75d3946c100cde0767c702\" style=\"border-right-color:var(--wp--preset--color--primary);border-right-width:2px;border-bottom-color:var(--wp--preset--color--primary);border-bottom-width:2px\"  data-anim-action=\"translateY\" data-anim-event=\"hover\" data-anim-triggered=\"false\" data-anim-from=\"transform: translateY(0px);transform-origin: center center;\" data-anim-to=\"transform: translateY(-10px);\" data-anim-id=\"anim-69f30cbb1b1e8\"><strong><mark style=\"background-color:rgba(0, 0, 0, 0);color:#e3000f\" class=\"has-inline-color\">17<\/mark><\/strong> Ortschaften<\/p>\n\n\n\n<div class=\"wp-block-greyd-box gs_4KISr8 greyd-content-box gs_4KISr8\"  data-anim-action=\"translateY\" data-anim-event=\"hover\" data-anim-triggered=\"false\" data-anim-from=\"transform: translateY(0px);transform-origin: center center;\" data-anim-to=\"transform: translateY(-10px);\">\n<p class=\"has-foreground-color has-base-background-color has-text-color has-background has-link-color has-medium-font-size wp-elements-1adb35ee4644cd3ae7a4d8502dd0e5e4 gs_SOgLEI\" style=\"border-right-color:var(--wp--preset--color--primary);border-right-width:2px;border-bottom-color:var(--wp--preset--color--primary);border-bottom-width:2px\"><strong><mark style=\"background-color:rgba(0, 0, 0, 0);color:#e3000f\" class=\"has-inline-color\">7<\/mark> Kitas<\/strong> und <strong><mark style=\"background-color:rgba(0, 0, 0, 0);color:#e3000f\" class=\"has-inline-color\">1<\/mark> Waldkindergarten<\/strong><\/p>\n<\/div>\n\n\n\n<p class=\"has-text-align-left has-foreground-color has-base-background-color has-text-color has-background has-link-color has-large-font-size wp-elements-a60946b7ce17415000484071ea5c2537 gs_MseSjC\" style=\"border-right-color:#e3000f;border-right-width:2px;border-bottom-color:#e3000f;border-bottom-width:2px\"  data-anim-action=\"translateY\" data-anim-event=\"hover\" data-anim-triggered=\"false\" data-anim-from=\"transform: translateY(0px);transform-origin: center center;\" data-anim-to=\"transform: translateY(-10px);\"><strong><mark style=\"background-color:rgba(0, 0, 0, 0);color:#e3000f\" class=\"has-inline-color\">56<\/mark> landwirtschaftliche Beitriebe<\/strong> im Vollerwerb<\/p>\n\n\n\n<div class=\"wp-block-greyd-box gs_UOSHIu greyd-content-box gs_UOSHIu\"  data-anim-action=\"translateY\" data-anim-event=\"hover\" data-anim-triggered=\"false\" data-anim-from=\"transform: translateY(0px);transform-origin: center center;\" data-anim-to=\"transform: translateY(-10px);\">\n<p class=\"has-foreground-color has-base-background-color has-text-color has-background has-link-color has-base-font-size wp-elements-75a53976ac968e9948f0a1c0efe00030 gs_9cqTZD\" style=\"border-right-color:var(--wp--preset--color--primary);border-right-width:2px;border-bottom-color:var(--wp--preset--color--primary);border-bottom-width:2px\">Seit <strong><mark style=\"background-color:rgba(0, 0, 0, 0);color:#e3000f\" class=\"has-inline-color\">1660<\/mark><\/strong> findet J\u00e4hrlich der <strong>&#8222;Lintler R\u00fcbenmarkt&#8220;<\/strong> statt<\/p>\n<\/div>\n\n\n\n<p class=\"has-foreground-color has-base-background-color has-text-color has-background has-link-color wp-elements-7e67a6fe1d2510666d4c35ec32425694\" style=\"border-right-color:var(--wp--preset--color--primary);border-right-width:2px;border-bottom-color:var(--wp--preset--color--primary);border-bottom-width:2px\"  data-anim-action=\"translateY\" data-anim-event=\"hover\" data-anim-triggered=\"false\" data-anim-from=\"transform: translateY(0px);transform-origin: center center;\" data-anim-to=\"transform: translateY(-10px);\" data-anim-id=\"anim-69f30cbb1b4f3\"><strong><mark style=\"background-color:rgba(0, 0, 0, 0);color:#e3000f\" class=\"has-inline-color\">8.300<\/mark><\/strong> Rindviecher<\/p>\n<\/div>\n<\/div>\n<\/div>\n\n\n\n<div class=\"wp-block-group alignfull has-global-padding is-content-justification-center is-layout-constrained wp-block-group-is-layout-constrained\">\n<h2 class=\"wp-block-heading has-text-align-center\" style=\"margin-top:var(--wp--preset--spacing--x-large);margin-bottom:var(--wp--preset--spacing--medium)\">Unsere Themen in der \u00dcbersicht<\/h2>\n\n\n\n<div class=\"wp-block-group alignwide is-vertical is-layout-flex wp-container-core-group-is-layout-b5619a30 wp-block-group-is-layout-flex\" style=\"margin-bottom:var(--wp--preset--spacing--x-large)\">\n<div class=\"wp-block-group has-lightest-background-color has-background is-nowrap is-layout-flex wp-container-core-group-is-layout-181e96cb wp-block-group-is-layout-flex\" style=\"border-radius:8px;margin-top:var(--wp--preset--spacing--x-large);margin-bottom:var(--wp--preset--spacing--x-large);padding-right:var(--wp--preset--spacing--large);padding-left:var(--wp--preset--spacing--large)\"  data-anim-action=\"scale\" data-anim-event=\"hover\" data-anim-triggered=\"false\" data-anim-from=\"transform: scale(1);transform-origin: center center;\" data-anim-to=\"transform: scale(1.1);\" data-anim-id=\"anim-69f30cbb1bfcf\">\n<div class=\"wp-block-group is-vertical is-content-justification-center is-layout-flex wp-container-core-group-is-layout-81423f52 wp-block-group-is-layout-flex gs_fCXmbW group_wrap\">\n<div class=\"wp-block-group is-content-justification-left is-nowrap is-layout-flex wp-container-core-group-is-layout-4e086a74 wp-block-group-is-layout-flex\" style=\"border-bottom-color:var(--wp--preset--color--foreground);border-bottom-style:dotted;border-bottom-width:1px;padding-right:var(--wp--preset--spacing--large);padding-bottom:var(--wp--preset--spacing--medium);padding-left:0\">\n<div class=\"wp-block-group is-vertical is-layout-flex wp-container-core-group-is-layout-fe9cc265 wp-block-group-is-layout-flex\">\n<div class=\"wp-block-group has-lightest-color has-foreground-background-color has-text-color has-background has-link-color wp-elements-e19fd13873d662ee485ff9f2e568790f is-layout-flow wp-block-group-is-layout-flow\" style=\"border-style:none;border-width:0px;border-radius:100%;padding-top:2px;padding-right:9px;padding-bottom:2px;padding-left:9px\">\n<p class=\"has-highlight-font-family has-tiny-font-size\" style=\"font-style:normal;font-weight:700\">1<\/p>\n<\/div>\n<\/div>\n\n\n\n<h2 class=\"wp-block-heading gs_0VMInm\">Jobs in Kirchlinteln<\/h2>\n<\/div>\n\n\n\n<p class=\"has-medium-font-size gs_eX2VQQ\">Jetzt wird&#8217;s unternehmerisch. Kirchlintelns Unternehmer:innen pr\u00e4sentieren sich, ihr Portfolio und stellen sich als Arbeitgeber:in vor.<\/p>\n\n\n\n<div class=\"wp-block-buttons is-content-justification-center is-layout-flex wp-container-core-buttons-is-layout-e1abe521 wp-block-buttons-is-layout-flex\" style=\"margin-top:0;margin-bottom:0\">\n<div id=\"greyd-69f30cbb1bd29\" class=\"wp-block-button is-style-fill\"><a class=\"wp-block-button__link has-medium-font-size has-text-align-right has-custom-font-size wp-element-button\" href=\"https:\/\/staging.hdw-verden.de\/madeinkirchlinteln\/unternehmen\/\">Entdecken Sie mehr&#8230;<\/a><\/div>\n<\/div>\n<\/div>\n\n\n\n<figure class=\"wp-block-image size-large has-custom-border wp-container-content-ce04b3af gs_qTufhQ\" style=\"margin-right:0;margin-left:0\"><img loading=\"lazy\" decoding=\"async\" width=\"1024\" height=\"682\" src=\"https:\/\/staging.hdw-verden.de\/madeinkirchlinteln\/wp-content\/uploads\/sites\/22\/2025\/08\/Steine_schneiden-Kopie-1024x682.jpg\" alt=\"Arbeit in Kirchlinteln, S\u00e4ge zum Schneiden von Steinen\" class=\"wp-image-203\" style=\"border-radius:8px;aspect-ratio:4\/3;object-fit:cover\" srcset=\"https:\/\/staging.hdw-verden.de\/madeinkirchlinteln\/wp-content\/uploads\/sites\/22\/2025\/08\/Steine_schneiden-Kopie-1024x682.jpg 1024w, https:\/\/staging.hdw-verden.de\/madeinkirchlinteln\/wp-content\/uploads\/sites\/22\/2025\/08\/Steine_schneiden-Kopie-300x200.jpg 300w, https:\/\/staging.hdw-verden.de\/madeinkirchlinteln\/wp-content\/uploads\/sites\/22\/2025\/08\/Steine_schneiden-Kopie-768x512.jpg 768w, https:\/\/staging.hdw-verden.de\/madeinkirchlinteln\/wp-content\/uploads\/sites\/22\/2025\/08\/Steine_schneiden-Kopie-1536x1024.jpg 1536w, https:\/\/staging.hdw-verden.de\/madeinkirchlinteln\/wp-content\/uploads\/sites\/22\/2025\/08\/Steine_schneiden-Kopie.jpg 1772w\" sizes=\"auto, (max-width: 1024px) 100vw, 1024px\" \/><\/figure>\n<\/div>\n\n\n\n<div class=\"wp-block-group has-lightest-background-color has-background is-nowrap is-layout-flex wp-container-core-group-is-layout-181e96cb wp-block-group-is-layout-flex\" style=\"border-radius:8px;margin-top:var(--wp--preset--spacing--x-large);margin-bottom:var(--wp--preset--spacing--x-large);padding-right:var(--wp--preset--spacing--large);padding-left:var(--wp--preset--spacing--large)\"  data-anim-action=\"scale\" data-anim-event=\"hover\" data-anim-triggered=\"false\" data-anim-from=\"transform: scale(1);transform-origin: center center;\" data-anim-to=\"transform: scale(1.1);\" data-anim-id=\"anim-69f30cbb1c7d5\">\n<figure class=\"wp-block-image size-full has-custom-border wp-container-content-ce04b3af gs_Q0Es53\" style=\"margin-right:0\"><img loading=\"lazy\" decoding=\"async\" width=\"1895\" height=\"1263\" src=\"https:\/\/staging.hdw-verden.de\/madeinkirchlinteln\/wp-content\/uploads\/sites\/22\/2025\/08\/Kirchl_Radtour_39_edit-edited.jpg\" alt=\"Fahrradrennen in Kirchlinteln\" class=\"wp-image-202\" style=\"border-radius:8px;aspect-ratio:4\/3;object-fit:cover\" srcset=\"https:\/\/staging.hdw-verden.de\/madeinkirchlinteln\/wp-content\/uploads\/sites\/22\/2025\/08\/Kirchl_Radtour_39_edit-edited.jpg 1895w, https:\/\/staging.hdw-verden.de\/madeinkirchlinteln\/wp-content\/uploads\/sites\/22\/2025\/08\/Kirchl_Radtour_39_edit-edited-300x200.jpg 300w, https:\/\/staging.hdw-verden.de\/madeinkirchlinteln\/wp-content\/uploads\/sites\/22\/2025\/08\/Kirchl_Radtour_39_edit-edited-1024x682.jpg 1024w, https:\/\/staging.hdw-verden.de\/madeinkirchlinteln\/wp-content\/uploads\/sites\/22\/2025\/08\/Kirchl_Radtour_39_edit-edited-768x512.jpg 768w, https:\/\/staging.hdw-verden.de\/madeinkirchlinteln\/wp-content\/uploads\/sites\/22\/2025\/08\/Kirchl_Radtour_39_edit-edited-1536x1024.jpg 1536w\" sizes=\"auto, (max-width: 1895px) 100vw, 1895px\" \/><\/figure>\n\n\n\n<div class=\"wp-block-group is-vertical is-content-justification-center is-layout-flex wp-container-core-group-is-layout-c9f4a25e wp-block-group-is-layout-flex gs_Kg2cYf group_wrap\">\n<div class=\"wp-block-group is-nowrap is-layout-flex wp-container-core-group-is-layout-c5028ff0 wp-block-group-is-layout-flex\" style=\"border-bottom-color:var(--wp--preset--color--foreground);border-bottom-style:dotted;border-bottom-width:1px;padding-bottom:var(--wp--preset--spacing--medium)\">\n<div class=\"wp-block-group is-vertical is-layout-flex wp-container-core-group-is-layout-fe9cc265 wp-block-group-is-layout-flex\">\n<div class=\"wp-block-group has-lightest-color has-foreground-background-color has-text-color has-background has-link-color wp-elements-6e5c20a0b896b827e4584cfc18833340 is-layout-flow wp-block-group-is-layout-flow\" style=\"border-style:none;border-width:0px;border-radius:100%;padding-top:2px;padding-right:9px;padding-bottom:2px;padding-left:9px\">\n<p class=\"has-highlight-font-family has-tiny-font-size\" style=\"font-style:normal;font-weight:700\">2<\/p>\n<\/div>\n<\/div>\n\n\n\n<h2 class=\"wp-block-heading gs_Ij71Pt\">Leben in Kirchlinteln<\/h2>\n<\/div>\n\n\n\n<p class=\"has-medium-font-size\">In Kirchlinteln kommt garantiert keine Langeweile auf! Radtouren, M\u00e4rkte, Freizeit- und Kulturveranstaltungen sowie ein vielf\u00e4ltiges Vereinsleben in und um Kirchlinteln finden Sie hier.<\/p>\n\n\n\n<div class=\"wp-block-buttons is-content-justification-center is-layout-flex wp-container-core-buttons-is-layout-e1abe521 wp-block-buttons-is-layout-flex\" style=\"margin-top:0;margin-bottom:0\">\n<div id=\"greyd-69f30cbb1c61e\" class=\"wp-block-button is-style-fill\"><a class=\"wp-block-button__link has-medium-font-size has-text-align-right has-custom-font-size wp-element-button\" href=\"https:\/\/staging.hdw-verden.de\/madeinkirchlinteln\/veranstaltungen-in-kirchlinteln-termine-highlights\/\">Entdecken Sie mehr&#8230;<\/a><\/div>\n<\/div>\n<\/div>\n<\/div>\n\n\n\n<div class=\"wp-block-group has-lightest-background-color has-background is-nowrap is-layout-flex wp-container-core-group-is-layout-181e96cb wp-block-group-is-layout-flex\" style=\"border-radius:8px;margin-top:var(--wp--preset--spacing--x-large);margin-bottom:var(--wp--preset--spacing--x-large);padding-right:var(--wp--preset--spacing--large);padding-left:var(--wp--preset--spacing--large)\"  data-anim-action=\"scale\" data-anim-event=\"hover\" data-anim-triggered=\"false\" data-anim-from=\"transform: scale(1);transform-origin: center center;\" data-anim-to=\"transform: scale(1.1);\" data-anim-id=\"anim-69f30cbb1cf53\">\n<div class=\"wp-block-group is-vertical is-content-justification-center is-layout-flex wp-container-core-group-is-layout-c9f4a25e wp-block-group-is-layout-flex gs_ofyenk group_wrap\">\n<div class=\"wp-block-group is-nowrap is-layout-flex wp-container-core-group-is-layout-c5028ff0 wp-block-group-is-layout-flex\" style=\"border-bottom-color:var(--wp--preset--color--foreground);border-bottom-style:dotted;border-bottom-width:1px;padding-bottom:var(--wp--preset--spacing--medium)\">\n<div class=\"wp-block-group is-vertical is-layout-flex wp-container-core-group-is-layout-fe9cc265 wp-block-group-is-layout-flex\">\n<div class=\"wp-block-group has-lightest-color has-foreground-background-color has-text-color has-background has-link-color wp-elements-db8bfb8f48e0446ad535fb6d3cb0d709 is-layout-flow wp-block-group-is-layout-flow\" style=\"border-style:none;border-width:0px;border-radius:100%;padding-top:2px;padding-right:9px;padding-bottom:2px;padding-left:9px\">\n<p class=\"has-highlight-font-family has-tiny-font-size\" style=\"font-style:normal;font-weight:700\">3<\/p>\n<\/div>\n<\/div>\n\n\n\n<h2 class=\"wp-block-heading gs_ebVvCy\">Vereine in Kirchlinteln<\/h2>\n<\/div>\n\n\n\n<p class=\"has-medium-font-size\">Alle Vereine in Kirchlinteln im \u00dcberblick: Sport, Kultur, Musik &amp; Ehrenamt. Entdecken Sie die vielf\u00e4ltige Vereinslandschaft der Gemeinde.<\/p>\n\n\n\n<div class=\"wp-block-buttons is-content-justification-center is-layout-flex wp-container-core-buttons-is-layout-e1abe521 wp-block-buttons-is-layout-flex\" style=\"margin-top:0;margin-bottom:0\">\n<div id=\"greyd-69f30cbb1ccef\" class=\"wp-block-button is-style-fill\"><a class=\"wp-block-button__link has-medium-font-size has-text-align-right has-custom-font-size wp-element-button\" href=\"https:\/\/staging.hdw-verden.de\/madeinkirchlinteln\/vereine-in-kirchlinteln-gemeinschaft-engagement-vor-ort\/\">Entdecken Sie mehr&#8230;<\/a><\/div>\n<\/div>\n<\/div>\n\n\n\n<figure class=\"wp-block-image size-full has-custom-border wp-container-content-ce04b3af gs_jh4WR0\" style=\"margin-left:0\"><img loading=\"lazy\" decoding=\"async\" width=\"2560\" height=\"1590\" src=\"https:\/\/staging.hdw-verden.de\/madeinkirchlinteln\/wp-content\/uploads\/sites\/22\/2025\/08\/2597aa30-004a-40ef-80a3-496451b31740.webp\" alt=\"Turn- und Sportverein Kirchlinteln e.V. Foto\" class=\"wp-image-1710\" style=\"border-radius:8px;aspect-ratio:4\/3;object-fit:cover\" srcset=\"https:\/\/staging.hdw-verden.de\/madeinkirchlinteln\/wp-content\/uploads\/sites\/22\/2025\/08\/2597aa30-004a-40ef-80a3-496451b31740.webp 2560w, https:\/\/staging.hdw-verden.de\/madeinkirchlinteln\/wp-content\/uploads\/sites\/22\/2025\/08\/2597aa30-004a-40ef-80a3-496451b31740-300x186.webp 300w, https:\/\/staging.hdw-verden.de\/madeinkirchlinteln\/wp-content\/uploads\/sites\/22\/2025\/08\/2597aa30-004a-40ef-80a3-496451b31740-1024x636.webp 1024w, https:\/\/staging.hdw-verden.de\/madeinkirchlinteln\/wp-content\/uploads\/sites\/22\/2025\/08\/2597aa30-004a-40ef-80a3-496451b31740-768x477.webp 768w, https:\/\/staging.hdw-verden.de\/madeinkirchlinteln\/wp-content\/uploads\/sites\/22\/2025\/08\/2597aa30-004a-40ef-80a3-496451b31740-1536x954.webp 1536w, https:\/\/staging.hdw-verden.de\/madeinkirchlinteln\/wp-content\/uploads\/sites\/22\/2025\/08\/2597aa30-004a-40ef-80a3-496451b31740-2048x1272.webp 2048w\" sizes=\"auto, (max-width: 2560px) 100vw, 2560px\" \/><\/figure>\n<\/div>\n\n\n\n<div class=\"wp-block-group has-lightest-background-color has-background is-nowrap is-layout-flex wp-container-core-group-is-layout-181e96cb wp-block-group-is-layout-flex\" style=\"border-radius:8px;margin-top:var(--wp--preset--spacing--x-large);margin-bottom:var(--wp--preset--spacing--x-large);padding-right:var(--wp--preset--spacing--large);padding-left:var(--wp--preset--spacing--large)\"  data-anim-action=\"scale\" data-anim-event=\"hover\" data-anim-triggered=\"false\" data-anim-from=\"transform: scale(1);transform-origin: center center;\" data-anim-to=\"transform: scale(1.1);\" data-anim-id=\"anim-69f30cbb1d73a\">\n<figure class=\"wp-block-image size-full has-custom-border wp-container-content-ce04b3af gs_6stsg1\" style=\"margin-right:0\"><img loading=\"lazy\" decoding=\"async\" width=\"2560\" height=\"1707\" src=\"https:\/\/staging.hdw-verden.de\/madeinkirchlinteln\/wp-content\/uploads\/sites\/22\/2025\/08\/DSC6328-1-scaled.jpg\" alt=\"Die Bokelohs vom Krusenhoff Foto 4\" class=\"wp-image-1029\" style=\"border-radius:8px;aspect-ratio:4\/3;object-fit:cover\" srcset=\"https:\/\/staging.hdw-verden.de\/madeinkirchlinteln\/wp-content\/uploads\/sites\/22\/2025\/08\/DSC6328-1-scaled.jpg 2560w, https:\/\/staging.hdw-verden.de\/madeinkirchlinteln\/wp-content\/uploads\/sites\/22\/2025\/08\/DSC6328-1-300x200.jpg 300w, https:\/\/staging.hdw-verden.de\/madeinkirchlinteln\/wp-content\/uploads\/sites\/22\/2025\/08\/DSC6328-1-1024x683.jpg 1024w, https:\/\/staging.hdw-verden.de\/madeinkirchlinteln\/wp-content\/uploads\/sites\/22\/2025\/08\/DSC6328-1-768x512.jpg 768w, https:\/\/staging.hdw-verden.de\/madeinkirchlinteln\/wp-content\/uploads\/sites\/22\/2025\/08\/DSC6328-1-1536x1024.jpg 1536w, https:\/\/staging.hdw-verden.de\/madeinkirchlinteln\/wp-content\/uploads\/sites\/22\/2025\/08\/DSC6328-1-2048x1365.jpg 2048w\" sizes=\"auto, (max-width: 2560px) 100vw, 2560px\" \/><\/figure>\n\n\n\n<div class=\"wp-block-group is-vertical is-content-justification-center is-layout-flex wp-container-core-group-is-layout-c9f4a25e wp-block-group-is-layout-flex gs_xql9Fw group_wrap\">\n<div class=\"wp-block-group is-nowrap is-layout-flex wp-container-core-group-is-layout-c5028ff0 wp-block-group-is-layout-flex\" style=\"border-bottom-color:var(--wp--preset--color--foreground);border-bottom-style:dotted;border-bottom-width:1px;padding-bottom:var(--wp--preset--spacing--medium)\">\n<div class=\"wp-block-group is-vertical is-layout-flex wp-container-core-group-is-layout-fe9cc265 wp-block-group-is-layout-flex\">\n<div class=\"wp-block-group has-lightest-color has-foreground-background-color has-text-color has-background has-link-color wp-elements-5af0c90b3ecd5daebc44bef0d469ae90 is-layout-flow wp-block-group-is-layout-flow\" style=\"border-style:none;border-width:0px;border-radius:100%;padding-top:2px;padding-right:9px;padding-bottom:2px;padding-left:9px\">\n<p class=\"has-highlight-font-family has-tiny-font-size\" style=\"font-style:normal;font-weight:700\">4<\/p>\n<\/div>\n<\/div>\n\n\n\n<h2 class=\"wp-block-heading gs_rysU9k\">Menschen in Kirchlinteln<\/h2>\n<\/div>\n\n\n\n<p class=\"has-medium-font-size\">In Kirchlinteln kommt garantiert keine Langeweile auf! Radtouren, M\u00e4rkte, Freizeit- und Kulturveranstaltungen sowie ein vielf\u00e4ltiges Vereinsleben in und um Kirchlinteln finden Sie hier.<\/p>\n\n\n\n<div class=\"wp-block-buttons is-content-justification-center is-layout-flex wp-container-core-buttons-is-layout-e1abe521 wp-block-buttons-is-layout-flex\" style=\"margin-top:0;margin-bottom:0\">\n<div id=\"greyd-69f30cbb1d58a\" class=\"wp-block-button is-style-fill\"><a class=\"wp-block-button__link has-medium-font-size has-text-align-right has-custom-font-size wp-element-button\" href=\"https:\/\/staging.hdw-verden.de\/madeinkirchlinteln\/menschen\/\">Entdecken Sie mehr&#8230;<\/a><\/div>\n<\/div>\n<\/div>\n<\/div>\n<\/div>\n<\/div>\n\n\n\n<div class=\"wp-block-group aligncenter has-mediumdark-background-color has-background is-layout-flow wp-block-group-is-layout-flow\" style=\"margin-top:0;margin-bottom:0;padding-top:0;padding-right:0;padding-bottom:0;padding-left:0\">\n<div class=\"wp-block-group alignwide is-style-default has-cut-transparent-foreground-1-2-gradient-background has-background has-global-padding is-layout-constrained wp-container-core-group-is-layout-e97f52c7 wp-block-group-is-layout-constrained\" style=\"margin-bottom:0;padding-top:150px;padding-right:0;padding-bottom:150px;padding-left:0\">\n<h2 class=\"wp-block-heading alignfull has-text-align-center has-foreground-color has-transparent-background-color has-text-color has-background has-link-color wp-elements-b89a424438a432c84f3440097d2e5d19\" style=\"border-style:none;border-width:0px;border-radius:0px;margin-right:0;margin-bottom:0;margin-left:0\"><mark style=\"background-color:#e3000f;color:#ffffff\" class=\"has-inline-color\">Arbeitgeber in der Region<\/mark><\/h2>\n\n\n\n<div class=\"wp-block-group alignfull has-global-padding is-layout-constrained wp-block-group-is-layout-constrained\" style=\"margin-top:var(--wp--preset--spacing--small);margin-bottom:var(--wp--preset--spacing--x-large)\">\n<div class=\"wp-block-query alignwide is-layout-flow wp-block-query-is-layout-flow\"><div id='post-results-69f30cbb1da58'  class=\"greyd-posts-slider wp-block-post-template js\" data-currentpage=\"1\" data-query-id=\"0\" data-height=\"max\"><div class='query-pages-wrapper' data-ppp='3'><div class='query-page is-current' data-page='1'><article class='query-post wp-block-post post-795 arbeitgeber type-arbeitgeber status-publish has-post-thumbnail hentry bereiche-logistik zuweisung-schutz-fahrzeugbau' data-post='795'data-title='schutz fahrzeugbau heinz schutz gmbh'data-date='2025-08-06 12:59:49'data-postviews='0'data-index='1'>\n<div class=\"wp-block-group is-vertical is-content-justification-stretch is-layout-flex wp-container-core-group-is-layout-0d33c3c3 wp-block-group-is-layout-flex has-trigger group_wrap\" style=\"min-height:0px;margin-top:0;margin-bottom:0;padding-top:var(--wp--preset--spacing--medium);padding-right:0;padding-bottom:var(--wp--preset--spacing--medium);padding-left:0\"  data-anim-action=\"translateY\" data-anim-event=\"hover\" data-anim-triggered=\"false\" data-anim-from=\"transform: translateY(0px);transform-origin: center center;\" data-anim-to=\"transform: translateY(-10px);\" data-anim-id=\"anim-69f30cbb2055e\"><a class=\"hidden-trigger-link\"  href=\"https:\/\/staging.hdw-verden.de\/madeinkirchlinteln\/arbeitgeber\/795\/\" title=\"Schutz Fahrzeugbau Heinz Schutz GmbH\"><\/a>\n<div class=\"wp-block-group has-lightest-background-color has-background wp-container-content-c0740251 has-global-padding is-layout-constrained wp-container-core-group-is-layout-552716d5 wp-block-group-is-layout-constrained\" style=\"padding-top:0;padding-bottom:0\"><figure style=\"padding-top:0;\" class=\"wp-block-image greyd-image  alignfull gs_t0GNnz\"><img loading=\"lazy\" decoding=\"async\" width=\"1024\" height=\"683\" src=\"https:\/\/staging.hdw-verden.de\/madeinkirchlinteln\/wp-content\/uploads\/sites\/22\/2025\/08\/IMG_1161-1-1024x683.jpg\" class=\"wp-image-859\" alt=\"Heinz Schutz GmbH Foto 2\" srcset=\"https:\/\/staging.hdw-verden.de\/madeinkirchlinteln\/wp-content\/uploads\/sites\/22\/2025\/08\/IMG_1161-1-1024x683.jpg 1024w, https:\/\/staging.hdw-verden.de\/madeinkirchlinteln\/wp-content\/uploads\/sites\/22\/2025\/08\/IMG_1161-1-300x200.jpg 300w, https:\/\/staging.hdw-verden.de\/madeinkirchlinteln\/wp-content\/uploads\/sites\/22\/2025\/08\/IMG_1161-1-768x512.jpg 768w, https:\/\/staging.hdw-verden.de\/madeinkirchlinteln\/wp-content\/uploads\/sites\/22\/2025\/08\/IMG_1161-1-1536x1024.jpg 1536w, https:\/\/staging.hdw-verden.de\/madeinkirchlinteln\/wp-content\/uploads\/sites\/22\/2025\/08\/IMG_1161-1-2048x1365.jpg 2048w\" sizes=\"auto, (max-width: 1024px) 100vw, 1024px\" \/><\/figure>\n\n<figure style=\"padding-bottom:var(--wp--preset--spacing--tiny);margin-top:0;margin-bottom:0;\" class=\"wp-block-image greyd-image  aligncenter gs_NaDLS9\"><img loading=\"lazy\" decoding=\"async\" width=\"1024\" height=\"241\" src=\"https:\/\/staging.hdw-verden.de\/madeinkirchlinteln\/wp-content\/uploads\/sites\/22\/2025\/08\/Schutz_Logo_rgb-Kopie-1024x241.png\" class=\"wp-image-858\" alt=\"Heinz Schutz GmbH Logo\" srcset=\"https:\/\/staging.hdw-verden.de\/madeinkirchlinteln\/wp-content\/uploads\/sites\/22\/2025\/08\/Schutz_Logo_rgb-Kopie-1024x241.png 1024w, https:\/\/staging.hdw-verden.de\/madeinkirchlinteln\/wp-content\/uploads\/sites\/22\/2025\/08\/Schutz_Logo_rgb-Kopie-300x71.png 300w, https:\/\/staging.hdw-verden.de\/madeinkirchlinteln\/wp-content\/uploads\/sites\/22\/2025\/08\/Schutz_Logo_rgb-Kopie-768x180.png 768w, https:\/\/staging.hdw-verden.de\/madeinkirchlinteln\/wp-content\/uploads\/sites\/22\/2025\/08\/Schutz_Logo_rgb-Kopie.png 1400w\" sizes=\"auto, (max-width: 1024px) 100vw, 1024px\" \/><\/figure>\n\n\n<div id=\"greyd-69f30cbb1fa8f\" class=\"wp-block-greyd-box gs_qchYxx greyd-content-box gs_qchYxx flex-justify-flex-start\"><h2 style=\"padding-bottom:var(--wp--preset--spacing--tiny);padding-top:var(--wp--preset--spacing--tiny);padding-left:var(--wp--preset--spacing--medium);padding-right:var(--wp--preset--spacing--medium);margin-bottom:var(--wp--preset--spacing--large);margin-top:0;\" class=\"has-text-align-center has-link-color  wp-elements-15a07309cb4c0e2a7c3d2ddc320075d6 wp-block-post-title has-text-color has-foreground-color has-background has-lightest-background-color has-large-font-size\">Schutz Fahrzeugbau Heinz Schutz GmbH<\/h2><\/div>\n\n\n\n<p class=\"has-text-align-center has-background-color has-dark-background-color has-text-color has-background has-link-color wp-elements-cca60670462e6726f80cf4b5c43d44c5 gs_VMG5f3\" style=\"font-size:clamp(14px, 0.875rem + ((1vw - 3.2px) * 0.227), 16px);\"><span data-tag=\"Kernkompetenz\" data-params=\"&quot;&quot;\" class=\"is-tag\">Kernkompetenz<\/span><\/p>\n<\/div>\n<\/div>\n<\/article><article class='query-post wp-block-post post-794 arbeitgeber type-arbeitgeber status-publish has-post-thumbnail hentry bereiche-baugewerbe zuweisung-tischlerei-mueller' data-post='794'data-title='tischlerei burkhard mller'data-date='2025-08-06 12:59:32'data-postviews='0'data-index='2'>\n<div class=\"wp-block-group is-vertical is-content-justification-stretch is-layout-flex wp-container-core-group-is-layout-0d33c3c3 wp-block-group-is-layout-flex has-trigger group_wrap\" style=\"min-height:0px;margin-top:0;margin-bottom:0;padding-top:var(--wp--preset--spacing--medium);padding-right:0;padding-bottom:var(--wp--preset--spacing--medium);padding-left:0\"  data-anim-action=\"translateY\" data-anim-event=\"hover\" data-anim-triggered=\"false\" data-anim-from=\"transform: translateY(0px);transform-origin: center center;\" data-anim-to=\"transform: translateY(-10px);\" data-anim-id=\"anim-69f30cbb21fc5\"><a class=\"hidden-trigger-link\"  href=\"https:\/\/staging.hdw-verden.de\/madeinkirchlinteln\/arbeitgeber\/794\/\" title=\"Tischlerei Burkhard M\u00fcller\"><\/a>\n<div class=\"wp-block-group has-lightest-background-color has-background wp-container-content-c0740251 has-global-padding is-layout-constrained wp-container-core-group-is-layout-552716d5 wp-block-group-is-layout-constrained\" style=\"padding-top:0;padding-bottom:0\"><figure style=\"padding-top:0;\" class=\"wp-block-image greyd-image  alignfull gs_t0GNnz\"><img loading=\"lazy\" decoding=\"async\" width=\"1024\" height=\"548\" src=\"https:\/\/staging.hdw-verden.de\/madeinkirchlinteln\/wp-content\/uploads\/sites\/22\/2025\/08\/DSC3558-1024x548.png\" class=\"wp-image-883\" alt=\"Tischlerei M\u00fcller Foto 5\" srcset=\"https:\/\/staging.hdw-verden.de\/madeinkirchlinteln\/wp-content\/uploads\/sites\/22\/2025\/08\/DSC3558-1024x548.png 1024w, https:\/\/staging.hdw-verden.de\/madeinkirchlinteln\/wp-content\/uploads\/sites\/22\/2025\/08\/DSC3558-300x161.png 300w, https:\/\/staging.hdw-verden.de\/madeinkirchlinteln\/wp-content\/uploads\/sites\/22\/2025\/08\/DSC3558-768x411.png 768w, https:\/\/staging.hdw-verden.de\/madeinkirchlinteln\/wp-content\/uploads\/sites\/22\/2025\/08\/DSC3558-1536x823.png 1536w, https:\/\/staging.hdw-verden.de\/madeinkirchlinteln\/wp-content\/uploads\/sites\/22\/2025\/08\/DSC3558-2048x1097.png 2048w\" sizes=\"auto, (max-width: 1024px) 100vw, 1024px\" \/><\/figure>\n\n<figure style=\"padding-bottom:var(--wp--preset--spacing--tiny);margin-top:0;margin-bottom:0;\" class=\"wp-block-image greyd-image  aligncenter gs_NaDLS9\"><img loading=\"lazy\" decoding=\"async\" width=\"320\" height=\"150\" src=\"https:\/\/staging.hdw-verden.de\/madeinkirchlinteln\/wp-content\/uploads\/sites\/22\/2025\/08\/logo_tischlerei_mueller-288w.png\" class=\"wp-image-878\" alt=\"Tischlerei M\u00fcller Logo\" srcset=\"https:\/\/staging.hdw-verden.de\/madeinkirchlinteln\/wp-content\/uploads\/sites\/22\/2025\/08\/logo_tischlerei_mueller-288w.png 320w, https:\/\/staging.hdw-verden.de\/madeinkirchlinteln\/wp-content\/uploads\/sites\/22\/2025\/08\/logo_tischlerei_mueller-288w-300x141.png 300w\" sizes=\"auto, (max-width: 320px) 100vw, 320px\" \/><\/figure>\n\n\n<div id=\"greyd-69f30cbb2179c\" class=\"wp-block-greyd-box gs_qchYxx greyd-content-box gs_qchYxx flex-justify-flex-start\"><h2 style=\"padding-bottom:var(--wp--preset--spacing--tiny);padding-top:var(--wp--preset--spacing--tiny);padding-left:var(--wp--preset--spacing--medium);padding-right:var(--wp--preset--spacing--medium);margin-bottom:var(--wp--preset--spacing--large);margin-top:0;\" class=\"has-text-align-center has-link-color  wp-elements-15a07309cb4c0e2a7c3d2ddc320075d6 wp-block-post-title has-text-color has-foreground-color has-background has-lightest-background-color has-large-font-size\">Tischlerei Burkhard M\u00fcller<\/h2><\/div>\n\n\n\n<p class=\"has-text-align-center has-background-color has-dark-background-color has-text-color has-background has-link-color wp-elements-cca60670462e6726f80cf4b5c43d44c5 gs_VMG5f3\" style=\"font-size:clamp(14px, 0.875rem + ((1vw - 3.2px) * 0.227), 16px);\"><span data-tag=\"Kernkompetenz\" data-params=\"&quot;&quot;\" class=\"is-tag\">Kernkompetenz<\/span><\/p>\n<\/div>\n<\/div>\n<\/article><article class='query-post wp-block-post post-474 arbeitgeber type-arbeitgeber status-publish has-post-thumbnail hentry bereiche-handel-dienstleistung' data-post='474'data-title='forstbetrieb hammond'data-date='2025-08-05 12:36:41'data-postviews='0'data-index='3'>\n<div class=\"wp-block-group is-vertical is-content-justification-stretch is-layout-flex wp-container-core-group-is-layout-0d33c3c3 wp-block-group-is-layout-flex has-trigger group_wrap\" style=\"min-height:0px;margin-top:0;margin-bottom:0;padding-top:var(--wp--preset--spacing--medium);padding-right:0;padding-bottom:var(--wp--preset--spacing--medium);padding-left:0\"  data-anim-action=\"translateY\" data-anim-event=\"hover\" data-anim-triggered=\"false\" data-anim-from=\"transform: translateY(0px);transform-origin: center center;\" data-anim-to=\"transform: translateY(-10px);\" data-anim-id=\"anim-69f30cbb23187\"><a class=\"hidden-trigger-link\"  href=\"https:\/\/staging.hdw-verden.de\/madeinkirchlinteln\/arbeitgeber\/forstbetrieb-hammond\/\" title=\"Forstbetrieb Hammond\"><\/a>\n<div class=\"wp-block-group has-lightest-background-color has-background wp-container-content-c0740251 has-global-padding is-layout-constrained wp-container-core-group-is-layout-552716d5 wp-block-group-is-layout-constrained\" style=\"padding-top:0;padding-bottom:0\"><figure style=\"padding-top:0;\" class=\"wp-block-image greyd-image  alignfull gs_t0GNnz\"><img loading=\"lazy\" decoding=\"async\" width=\"1024\" height=\"512\" src=\"https:\/\/staging.hdw-verden.de\/madeinkirchlinteln\/wp-content\/uploads\/sites\/22\/2025\/08\/header_wald_AS114641940_web-1024x512.jpg\" class=\"wp-image-847\" alt=\"Hammond Forstbetrieb Foto 2\" srcset=\"https:\/\/staging.hdw-verden.de\/madeinkirchlinteln\/wp-content\/uploads\/sites\/22\/2025\/08\/header_wald_AS114641940_web-1024x512.jpg 1024w, https:\/\/staging.hdw-verden.de\/madeinkirchlinteln\/wp-content\/uploads\/sites\/22\/2025\/08\/header_wald_AS114641940_web-300x150.jpg 300w, https:\/\/staging.hdw-verden.de\/madeinkirchlinteln\/wp-content\/uploads\/sites\/22\/2025\/08\/header_wald_AS114641940_web-768x384.jpg 768w, https:\/\/staging.hdw-verden.de\/madeinkirchlinteln\/wp-content\/uploads\/sites\/22\/2025\/08\/header_wald_AS114641940_web.jpg 1500w\" sizes=\"auto, (max-width: 1024px) 100vw, 1024px\" \/><\/figure>\n\n<figure style=\"padding-bottom:var(--wp--preset--spacing--tiny);margin-top:0;margin-bottom:0;\" class=\"wp-block-image greyd-image  aligncenter gs_NaDLS9\"><img loading=\"lazy\" decoding=\"async\" width=\"300\" height=\"194\" src=\"https:\/\/staging.hdw-verden.de\/madeinkirchlinteln\/wp-content\/uploads\/sites\/22\/2025\/08\/Logo_Hammond-Forstbetrieb_gr-w-300x194-1.png\" class=\"wp-image-481\" alt=\"Hammond Forstbetrieb Logo\" \/><\/figure>\n\n\n<div id=\"greyd-69f30cbb22cb5\" class=\"wp-block-greyd-box gs_qchYxx greyd-content-box gs_qchYxx flex-justify-flex-start\"><h2 style=\"padding-bottom:var(--wp--preset--spacing--tiny);padding-top:var(--wp--preset--spacing--tiny);padding-left:var(--wp--preset--spacing--medium);padding-right:var(--wp--preset--spacing--medium);margin-bottom:var(--wp--preset--spacing--large);margin-top:0;\" class=\"has-text-align-center has-link-color  wp-elements-15a07309cb4c0e2a7c3d2ddc320075d6 wp-block-post-title has-text-color has-foreground-color has-background has-lightest-background-color has-large-font-size\">Forstbetrieb Hammond<\/h2><\/div>\n\n\n\n<p class=\"has-text-align-center has-background-color has-dark-background-color has-text-color has-background has-link-color wp-elements-cca60670462e6726f80cf4b5c43d44c5 gs_VMG5f3\" style=\"font-size:clamp(14px, 0.875rem + ((1vw - 3.2px) * 0.227), 16px);\"><span data-tag=\"Kernkompetenz\" data-params=\"&quot;&quot;\" class=\"is-tag\">Kernkompetenz<\/span><\/p>\n<\/div>\n<\/div>\n<\/article><\/div><\/div><\/div><div class='loading_spinner_wrapper' style='display:none;'>\n\t\t\t<div class='loading_spinner'>\n\t\t\t\t<div><\/div> <div><\/div> <div><\/div> <div><\/div>\n\t\t\t<\/div>\n\t\t<\/div><\/div>\n<\/div>\n\n\n\n<div class=\"wp-block-buttons is-content-justification-center is-layout-flex wp-container-core-buttons-is-layout-a89b3969 wp-block-buttons-is-layout-flex\">\n<div id=\"greyd-69f30cbb23330\" class=\"wp-block-button\"><a class=\"wp-block-button__link wp-element-button\" href=\"https:\/\/staging.hdw-verden.de\/madeinkirchlinteln\/unternehmen\/\">Weitere Firmen in Kirchlinteln \u2192<\/a><\/div>\n<\/div>\n<\/div>\n<\/div>\n\n\n\n<hr class=\"wp-block-separator has-alpha-channel-opacity is-style-dots\" style=\"margin-top:var(--wp--preset--spacing--x-large)\"\/>\n\n\n\n<div class=\"wp-block-group alignwide has-global-padding is-layout-constrained wp-block-group-is-layout-constrained\" style=\"padding-top:0;padding-bottom:0\">\n<div class=\"wp-block-group alignwide has-global-padding is-layout-constrained wp-container-core-group-is-layout-6aba8b56 wp-block-group-is-layout-constrained\" style=\"padding-top:var(--wp--preset--spacing--x-large);padding-right:0;padding-bottom:var(--wp--preset--spacing--x-large);padding-left:0\">\n<div class=\"wp-block-group alignwide has-global-padding is-layout-constrained wp-block-group-is-layout-constrained\" style=\"padding-top:0;padding-bottom:0\">\n<div class=\"wp-block-query alignwide is-layout-flow wp-block-query-is-layout-flow\">\n<h2 class=\"wp-block-heading\" style=\"margin-bottom:var(--wp--preset--spacing--large)\">Neueste Texte<\/h2>\n\n\n<ul class=\"wp-block-post-template is-layout-flow wp-container-core-post-template-is-layout-0ae398fd wp-block-post-template-is-layout-flow\"><li class=\"wp-block-post post-1687 texte type-texte status-publish has-post-thumbnail hentry\">\n\n<div class=\"wp-block-group is-content-justification-space-between is-nowrap is-layout-flex wp-container-core-group-is-layout-7b67b8de wp-block-group-is-layout-flex\" style=\"border-bottom-color:var(--wp--preset--color--mediumlight);border-bottom-style:solid;border-bottom-width:1px;padding-bottom:var(--wp--preset--spacing--small)\"><h3 class=\"wp-block-post-title has-large-font-size\"><a href=\"https:\/\/staging.hdw-verden.de\/madeinkirchlinteln\/texte\/vier-von-vielen\/\" target=\"_self\" >Vier von vielen<\/a><\/h3>\n\n<div class=\"wp-block-post-date\"><time datetime=\"2025-08-13T11:11:56+02:00\">13. August 2025<\/time><\/div><\/div>\n\n<\/li><li class=\"wp-block-post post-1663 texte type-texte status-publish has-post-thumbnail hentry\">\n\n<div class=\"wp-block-group is-content-justification-space-between is-nowrap is-layout-flex wp-container-core-group-is-layout-7b67b8de wp-block-group-is-layout-flex\" style=\"border-bottom-color:var(--wp--preset--color--mediumlight);border-bottom-style:solid;border-bottom-width:1px;padding-bottom:var(--wp--preset--spacing--small)\"><h3 class=\"wp-block-post-title has-large-font-size\"><a href=\"https:\/\/staging.hdw-verden.de\/madeinkirchlinteln\/texte\/wahre-alltagsheldem-auf-dem-lande\/\" target=\"_self\" >Wahre Alltagsheldem auf dem Lande<\/a><\/h3>\n\n<div class=\"wp-block-post-date\"><time datetime=\"2025-05-10T15:00:37+02:00\">10. Mai 2025<\/time><\/div><\/div>\n\n<\/li><li class=\"wp-block-post post-1125 texte type-texte status-publish has-post-thumbnail hentry\">\n\n<div class=\"wp-block-group is-content-justification-space-between is-nowrap is-layout-flex wp-container-core-group-is-layout-7b67b8de wp-block-group-is-layout-flex\" style=\"border-bottom-color:var(--wp--preset--color--mediumlight);border-bottom-style:solid;border-bottom-width:1px;padding-bottom:var(--wp--preset--spacing--small)\"><h3 class=\"wp-block-post-title has-large-font-size\"><a href=\"https:\/\/staging.hdw-verden.de\/madeinkirchlinteln\/texte\/interview-1-3\/\" target=\"_self\" >&#8222;Gemeinsam statt einsam!&#8220;<\/a><\/h3>\n\n<div class=\"wp-block-post-date\"><time datetime=\"2025-05-01T15:00:49+02:00\">1. Mai 2025<\/time><\/div><\/div>\n\n<\/li><li class=\"wp-block-post post-1124 texte type-texte status-publish has-post-thumbnail hentry\">\n\n<div class=\"wp-block-group is-content-justification-space-between is-nowrap is-layout-flex wp-container-core-group-is-layout-7b67b8de wp-block-group-is-layout-flex\" style=\"border-bottom-color:var(--wp--preset--color--mediumlight);border-bottom-style:solid;border-bottom-width:1px;padding-bottom:var(--wp--preset--spacing--small)\"><h3 class=\"wp-block-post-title has-large-font-size\"><a href=\"https:\/\/staging.hdw-verden.de\/madeinkirchlinteln\/texte\/interview-1-2\/\" target=\"_self\" >Was macht Kirchlinteln lebenswert?<\/a><\/h3>\n\n<div class=\"wp-block-post-date\"><time datetime=\"2025-05-01T15:00:36+02:00\">1. Mai 2025<\/time><\/div><\/div>\n\n<\/li><li class=\"wp-block-post post-1123 texte type-texte status-publish has-post-thumbnail hentry\">\n\n<div class=\"wp-block-group is-content-justification-space-between is-nowrap is-layout-flex wp-container-core-group-is-layout-7b67b8de wp-block-group-is-layout-flex\" style=\"border-bottom-color:var(--wp--preset--color--mediumlight);border-bottom-style:solid;border-bottom-width:1px;padding-bottom:var(--wp--preset--spacing--small)\"><h3 class=\"wp-block-post-title has-large-font-size\"><a href=\"https:\/\/staging.hdw-verden.de\/madeinkirchlinteln\/texte\/interview-1\/\" target=\"_self\" >Die Bokelohs vom Krusenhoff<\/a><\/h3>\n\n<div class=\"wp-block-post-date\"><time datetime=\"2025-05-01T15:00:22+02:00\">1. Mai 2025<\/time><\/div><\/div>\n\n<\/li><\/ul>\n\n\n\n<\/div>\n<\/div>\n<\/div>\n<\/div>\n\n\n\n<hr class=\"wp-block-separator has-alpha-channel-opacity is-style-dots\" style=\"margin-bottom:var(--wp--preset--spacing--x-large)\"\/>\n\n\n\n<div class=\"wp-block-group alignfull has-secondary-background-color has-background has-global-padding is-layout-constrained wp-container-core-group-is-layout-639b5052 wp-block-group-is-layout-constrained\" style=\"padding-top:0;padding-right:0;padding-bottom:0;padding-left:0\">\n<div class=\"wp-block-cover alignfull is-light is-style-no-background wp-duotone-a82727-c6a446-2\" style=\"min-height:20em;aspect-ratio:unset;\"><img loading=\"lazy\" decoding=\"async\" width=\"1024\" height=\"683\" class=\"wp-block-cover__image-background wp-image-268 size-large\" alt=\"made in Kirchlinteln, Haus\" src=\"https:\/\/staging.hdw-verden.de\/madeinkirchlinteln\/wp-content\/uploads\/sites\/22\/2025\/08\/DSC6216-1024x683.jpg\" data-object-fit=\"cover\" srcset=\"https:\/\/staging.hdw-verden.de\/madeinkirchlinteln\/wp-content\/uploads\/sites\/22\/2025\/08\/DSC6216-1024x683.jpg 1024w, https:\/\/staging.hdw-verden.de\/madeinkirchlinteln\/wp-content\/uploads\/sites\/22\/2025\/08\/DSC6216-300x200.jpg 300w, https:\/\/staging.hdw-verden.de\/madeinkirchlinteln\/wp-content\/uploads\/sites\/22\/2025\/08\/DSC6216-768x512.jpg 768w, https:\/\/staging.hdw-verden.de\/madeinkirchlinteln\/wp-content\/uploads\/sites\/22\/2025\/08\/DSC6216-1536x1024.jpg 1536w, https:\/\/staging.hdw-verden.de\/madeinkirchlinteln\/wp-content\/uploads\/sites\/22\/2025\/08\/DSC6216-2048x1365.jpg 2048w\" sizes=\"auto, (max-width: 1024px) 100vw, 1024px\" \/><span aria-hidden=\"true\" class=\"wp-block-cover__background has-transparent-background-color has-background-dim-0 has-background-dim\"><\/span><div class=\"wp-block-cover__inner-container is-layout-flow wp-block-cover-is-layout-flow\">\n<p class=\"has-text-align-center has-large-font-size\"><\/p>\n<\/div><\/div>\n<\/div>\n\n\n\n<div class=\"wp-block-group alignfull is-style-section-contrast is-layout-flow wp-block-group-is-layout-flow is-style-section-contrast--3\" style=\"padding-top:var(--wp--preset--spacing--x-large);padding-right:0;padding-bottom:var(--wp--preset--spacing--x-large);padding-left:0\">\n<div class=\"wp-block-group has-global-padding is-layout-constrained wp-block-group-is-layout-constrained gs_UYiQnV group_wrap\" style=\"margin-top:var(--wp--preset--spacing--x-large);margin-bottom:var(--wp--preset--spacing--x-large);padding-top:var(--wp--preset--spacing--x-large);padding-bottom:var(--wp--preset--spacing--x-large)\">\n<div class=\"wp-block-columns alignwide is-layout-flex wp-container-core-columns-is-layout-97d981de wp-block-columns-is-layout-flex\">\n<div class=\"wp-block-column is-layout-flow wp-block-column-is-layout-flow\" style=\"padding-top:0;padding-bottom:0\">\n<figure class=\"wp-block-image aligncenter size-full is-resized wp-duotone-unset-4\" style=\"margin-top:0;margin-bottom:0\"><img loading=\"lazy\" decoding=\"async\" width=\"2560\" height=\"2560\" src=\"https:\/\/staging.hdw-verden.de\/madeinkirchlinteln\/wp-content\/uploads\/sites\/22\/2025\/09\/IMG_3963-bearbeitet-edited-1-scaled.jpg\" alt=\"Haus der Werbung Verden Fassade\" class=\"wp-image-1852\" style=\"width:554px;height:auto\" srcset=\"https:\/\/staging.hdw-verden.de\/madeinkirchlinteln\/wp-content\/uploads\/sites\/22\/2025\/09\/IMG_3963-bearbeitet-edited-1-scaled.jpg 2560w, https:\/\/staging.hdw-verden.de\/madeinkirchlinteln\/wp-content\/uploads\/sites\/22\/2025\/09\/IMG_3963-bearbeitet-edited-1-300x300.jpg 300w, https:\/\/staging.hdw-verden.de\/madeinkirchlinteln\/wp-content\/uploads\/sites\/22\/2025\/09\/IMG_3963-bearbeitet-edited-1-1024x1024.jpg 1024w, https:\/\/staging.hdw-verden.de\/madeinkirchlinteln\/wp-content\/uploads\/sites\/22\/2025\/09\/IMG_3963-bearbeitet-edited-1-150x150.jpg 150w, https:\/\/staging.hdw-verden.de\/madeinkirchlinteln\/wp-content\/uploads\/sites\/22\/2025\/09\/IMG_3963-bearbeitet-edited-1-768x768.jpg 768w, https:\/\/staging.hdw-verden.de\/madeinkirchlinteln\/wp-content\/uploads\/sites\/22\/2025\/09\/IMG_3963-bearbeitet-edited-1-1536x1536.jpg 1536w, https:\/\/staging.hdw-verden.de\/madeinkirchlinteln\/wp-content\/uploads\/sites\/22\/2025\/09\/IMG_3963-bearbeitet-edited-1-2048x2048.jpg 2048w\" sizes=\"auto, (max-width: 2560px) 100vw, 2560px\" \/><\/figure>\n<\/div>\n\n\n\n<div class=\"wp-block-column is-layout-flow wp-block-column-is-layout-flow\">\n<div class=\"wp-block-group has-global-padding is-content-justification-left is-layout-constrained wp-container-core-group-is-layout-5f3f9089 wp-block-group-is-layout-constrained wp-container-5 is-position-sticky\" style=\"padding-right:0;padding-left:0\">\n<h3 class=\"wp-block-heading has-text-align-left\" style=\"margin-top:0;margin-right:0;margin-bottom:44px;margin-left:0;font-size:clamp(1.502rem, 1.502rem + ((1vw - 0.2rem) * 1.815), 2.5rem);line-height:1.2\">[Made in Kirchlinteln] ist <br>ein Projekt aus dem <br><mark style=\"background-color:#e3000f\" class=\"has-inline-color\">Haus der Werbung \u2013 Verden<\/mark><\/h3>\n\n\n\n<p style=\"font-size:clamp(1.092rem, 1.092rem + ((1vw - 0.2rem) * 1.105), 1.7rem);\" class=\"gs_8QyaSR\">Das Printmagazin 2025 ist leider vergriffen, online jedoch noch hier abrufbar. Wir haben dieses Portal erstellt, um Unternehmen, Kunden und Partner zu vernetzen. Dazu geh\u00f6ren auch Sie.<\/p>\n\n\n\n<div class=\"wp-block-group has-lightest-background-color has-background is-layout-flow wp-block-group-is-layout-flow has-trigger group_wrap\" style=\"border-top-left-radius:8px;border-top-right-radius:8px;border-bottom-left-radius:8px;border-bottom-right-radius:8px;padding-top:0;padding-bottom:0\"  data-anim-action=\"translateY\" data-anim-event=\"hover\" data-anim-triggered=\"false\" data-anim-from=\"transform: translateY(0px);transform-origin: center center;\" data-anim-to=\"transform: translateY(-10px);\" data-anim-id=\"anim-69f30cbb25cf2\"><a class=\"hidden-trigger-link\"  href=\"https:\/\/www.hdw-verden.de\/\" target=\"_blank\" rel=\"external\" title=\"https:\/\/www.hdw-verden.de\/\"><\/a>\n<figure class=\"wp-block-image aligncenter size-full is-resized\" style=\"margin-top:0;margin-bottom:0\"><img loading=\"lazy\" decoding=\"async\" width=\"340\" height=\"156\" src=\"https:\/\/staging.hdw-verden.de\/madeinkirchlinteln\/wp-content\/uploads\/sites\/22\/2025\/08\/grafik-1.png\" alt=\"HDW Verden Logo\" class=\"wp-image-314\" style=\"aspect-ratio:2.8192650062215607;width:367px;height:auto\" srcset=\"https:\/\/staging.hdw-verden.de\/madeinkirchlinteln\/wp-content\/uploads\/sites\/22\/2025\/08\/grafik-1.png 340w, https:\/\/staging.hdw-verden.de\/madeinkirchlinteln\/wp-content\/uploads\/sites\/22\/2025\/08\/grafik-1-300x138.png 300w\" sizes=\"auto, (max-width: 340px) 100vw, 340px\" \/><\/figure>\n<\/div>\n<\/div>\n<\/div>\n<\/div>\n<\/div>\n<\/div>\n\n\n\n<div class=\"wp-block-group alignfull has-primary-background-color has-background is-layout-flow wp-block-group-is-layout-flow\" style=\"padding-top:0;padding-right:0;padding-bottom:0;padding-left:0\">\n<div class=\"wp-block-cover alignfull is-repeated is-style-no-background\" style=\"padding-top:var(--wp--preset--spacing--x-large);padding-bottom:var(--wp--preset--spacing--x-large)\"><div class=\"wp-block-cover__image-background is-repeated\" style=\"background-position:50% 50%;background-image:url(https:\/\/staging.hdw-verden.de\/madeinkirchlinteln\/wp-content\/themes\/greyd-theme\/assets\/images\/repeating-background-pattern-dark-slash.svg)\"><\/div><span aria-hidden=\"true\" class=\"wp-block-cover__background has-transparent-background-color has-background-dim-0 has-background-dim\"><\/span><div class=\"wp-block-cover__inner-container has-global-padding is-layout-constrained wp-block-cover-is-layout-constrained\">\n<div class=\"wp-block-columns alignwide are-vertically-aligned-top is-layout-flex wp-container-core-columns-is-layout-97d981de wp-block-columns-is-layout-flex\">\n<div class=\"wp-block-column is-vertically-aligned-top col-12 col-sm-auto has-background-color has-text-color has-link-color wp-elements-1fe9812efe776fc7c06cae047998c2c7 is-layout-flow wp-block-column-is-layout-flow\">\n<div class=\"wp-block-group has-global-padding is-layout-constrained wp-container-core-group-is-layout-f5f3bcb8 wp-block-group-is-layout-constrained\">\n<h2 class=\"wp-block-heading has-text-align-left\">Partner werden<\/h2>\n\n\n\n<p class=\"has-text-align-left has-medium-font-size\">Haben Sie wietere Fragen? Oder m\u00f6chten Sie Ihr Unternehmen in [Made in Kirchlinteln] pr\u00e4sentieren? Dann kontaktieren Sie uns gerne.<\/p>\n<\/div>\n\n\n\n<div class=\"wp-block-media-text is-stacked-on-mobile\" style=\"margin-top:0;margin-right:0;margin-bottom:0;margin-left:0;grid-template-columns:40% auto\"><figure class=\"wp-block-media-text__media\"><img loading=\"lazy\" decoding=\"async\" width=\"710\" height=\"711\" src=\"https:\/\/staging.hdw-verden.de\/madeinkirchlinteln\/wp-content\/uploads\/sites\/22\/2025\/08\/grafik-3-e1756885698595.png\" alt=\"Janin Nienaber Foto\" class=\"wp-image-409 size-full\" srcset=\"https:\/\/staging.hdw-verden.de\/madeinkirchlinteln\/wp-content\/uploads\/sites\/22\/2025\/08\/grafik-3-e1756885698595.png 710w, https:\/\/staging.hdw-verden.de\/madeinkirchlinteln\/wp-content\/uploads\/sites\/22\/2025\/08\/grafik-3-e1756885698595-300x300.png 300w, https:\/\/staging.hdw-verden.de\/madeinkirchlinteln\/wp-content\/uploads\/sites\/22\/2025\/08\/grafik-3-e1756885698595-150x150.png 150w\" sizes=\"auto, (max-width: 710px) 100vw, 710px\" \/><\/figure><div class=\"wp-block-media-text__content\">\n<p style=\"font-size:clamp(0.957rem, 0.957rem + ((1vw - 0.2rem) * 0.896), 1.45rem);\">Ihre Ansprechpartnerin: <br>Janin Nienaber<br><br>Anita-Augspurg Platz 7 <br>27283 Verden<br><a href=\"https:\/\/www.hdw-verden.de\/kontakt\/_wp_link_placeholder\">mail@hdw-verden.de<\/a><br>04231 8000-0<\/p>\n<\/div><\/div>\n\n\n\n<div class=\"wp-block-buttons is-content-justification-right is-layout-flex wp-container-core-buttons-is-layout-d445cf74 wp-block-buttons-is-layout-flex\">\n<div id=\"greyd-69f30cbb26809\" class=\"wp-block-button has-custom-width wp-block-button__width-100 is-size-big is-style-alternate is-style-alternate--6 has-trigger\"><a class=\"hidden-trigger-link\"  href=\"mailto:mail@hdw-verden.de\"><\/a><a class=\"wp-block-button__link wp-element-button\">Kontaktieren Sie uns \u2192<\/a><\/div>\n<\/div>\n<\/div>\n\n\n\n<div class=\"wp-block-column is-vertically-aligned-top col-12 col-sm-auto is-layout-flow wp-block-column-is-layout-flow\" style=\"flex-basis:33%;width:33%\">\n<iframe src=\"https:\/\/www.google.com\/maps\/embed?pb=!1m14!1m8!1m3!1d1202.8669242795672!2d9.2283667!3d52.9172186!3m2!1i1024!2i768!4f13.1!3m3!1m2!1s0x47b0e4cf227f5a71%3A0x19bccef455afe196!2sWebsites%20%7C%20Verlag%20%7C%20Druck%20%7C%20Haus%20der%20Werbung%20%E2%80%93%20Verden!5e0!3m2!1sde!2sde!4v1756887173858!5m2!1sen!2sde\" width=\"500\" height=\"580\" style=\"border:0;\" allowfullscreen=\"\" loading=\"lazy\" referrerpolicy=\"no-referrer-when-downgrade\"><\/iframe>\n<\/div>\n<\/div>\n<\/div><\/div>\n<\/div>\n<\/main>\n","protected":false},"excerpt":{"rendered":"<p>Menschen, Wirtschaft und Ideen Entdecken Sie die Gemeinde Kirchlinteln 8 E-Ladestationen 10.868 Einwohnerinnen und Einwohner 33% Waldfl\u00e4che 42 Spielpl\u00e4tze 17 Ortschaften 56 landwirtschaftliche Beitriebe im Vollerwerb 8.300 Rindviecher Unsere Themen in der \u00dcbersicht 1 Jobs in Kirchlinteln Jetzt wird&#8217;s unternehmerisch. Kirchlintelns Unternehmer:innen pr\u00e4sentieren sich, ihr Portfolio und stellen sich als Arbeitgeber:in vor. 2 Leben in [&hellip;]<\/p>\n","protected":false},"author":11,"featured_media":0,"parent":0,"menu_order":1,"comment_status":"closed","ping_status":"closed","template":"","meta":{"greyd_block_editor_preview":[],"footnotes":""},"class_list":["post-1689","page","type-page","status-publish","hentry"],"yoast_head":"<!-- This site is optimized with the Yoast SEO plugin v27.5 - https:\/\/yoast.com\/product\/yoast-seo-wordpress\/ -->\n<title>Startseite - Made in Kirchlinteln<\/title>\n<meta name=\"description\" content=\"Made in Kirchlinteln \u2013 Ihr Portal f\u00fcr Jobs in Kirchlinteln und Infos \u00fcber lokale Unternehmen. Entdecken Sie aktuelle Stellenangebote und Chancen bei Arbeitgebern in der Region.\" \/>\n<meta name=\"robots\" content=\"index, follow, max-snippet:-1, max-image-preview:large, max-video-preview:-1\" \/>\n<link rel=\"canonical\" href=\"https:\/\/staging.hdw-verden.de\/madeinkirchlinteln\/\" \/>\n<meta property=\"og:locale\" content=\"de_DE\" \/>\n<meta property=\"og:type\" content=\"article\" \/>\n<meta property=\"og:title\" content=\"Startseite - Made in Kirchlinteln\" \/>\n<meta property=\"og:description\" content=\"Made in Kirchlinteln \u2013 Ihr Portal f\u00fcr Jobs in Kirchlinteln und Infos \u00fcber lokale Unternehmen. Entdecken Sie aktuelle Stellenangebote und Chancen bei Arbeitgebern in der Region.\" \/>\n<meta property=\"og:url\" content=\"https:\/\/staging.hdw-verden.de\/madeinkirchlinteln\/\" \/>\n<meta property=\"og:site_name\" content=\"Made in Kirchlinteln\" \/>\n<meta property=\"article:modified_time\" content=\"2026-01-02T12:14:20+00:00\" \/>\n<meta property=\"og:image\" content=\"https:\/\/staging.hdw-verden.de\/madeinkirchlinteln\/wp-content\/uploads\/sites\/22\/2025\/08\/Zeichenflaeche-1-1024x576.png\" \/>\n\t<meta property=\"og:image:width\" content=\"1024\" \/>\n\t<meta property=\"og:image:height\" content=\"576\" \/>\n\t<meta property=\"og:image:type\" content=\"image\/png\" \/>\n<meta name=\"twitter:card\" content=\"summary_large_image\" \/>\n<meta name=\"twitter:label1\" content=\"Gesch\u00e4tzte Lesezeit\" \/>\n\t<meta name=\"twitter:data1\" content=\"4\u00a0Minuten\" \/>\n<script type=\"application\/ld+json\" class=\"yoast-schema-graph\">{\"@context\":\"https:\\\/\\\/schema.org\",\"@graph\":[{\"@type\":\"WebPage\",\"@id\":\"https:\\\/\\\/staging.hdw-verden.de\\\/madeinkirchlinteln\\\/\",\"url\":\"https:\\\/\\\/staging.hdw-verden.de\\\/madeinkirchlinteln\\\/\",\"name\":\"Startseite - Made in Kirchlinteln\",\"isPartOf\":{\"@id\":\"https:\\\/\\\/staging.hdw-verden.de\\\/madeinkirchlinteln\\\/#website\"},\"primaryImageOfPage\":{\"@id\":\"https:\\\/\\\/staging.hdw-verden.de\\\/madeinkirchlinteln\\\/#primaryimage\"},\"image\":{\"@id\":\"https:\\\/\\\/staging.hdw-verden.de\\\/madeinkirchlinteln\\\/#primaryimage\"},\"thumbnailUrl\":\"https:\\\/\\\/staging.hdw-verden.de\\\/madeinkirchlinteln\\\/wp-content\\\/uploads\\\/sites\\\/22\\\/2025\\\/08\\\/Zeichenflaeche-1.png\",\"datePublished\":\"2025-08-14T06:43:11+00:00\",\"dateModified\":\"2026-01-02T12:14:20+00:00\",\"description\":\"Made in Kirchlinteln \u2013 Ihr Portal f\u00fcr Jobs in Kirchlinteln und Infos \u00fcber lokale Unternehmen. Entdecken Sie aktuelle Stellenangebote und Chancen bei Arbeitgebern in der Region.\",\"breadcrumb\":{\"@id\":\"https:\\\/\\\/staging.hdw-verden.de\\\/madeinkirchlinteln\\\/#breadcrumb\"},\"inLanguage\":\"de\",\"potentialAction\":[{\"@type\":\"ReadAction\",\"target\":[\"https:\\\/\\\/staging.hdw-verden.de\\\/madeinkirchlinteln\\\/\"]}]},{\"@type\":\"ImageObject\",\"inLanguage\":\"de\",\"@id\":\"https:\\\/\\\/staging.hdw-verden.de\\\/madeinkirchlinteln\\\/#primaryimage\",\"url\":\"https:\\\/\\\/staging.hdw-verden.de\\\/madeinkirchlinteln\\\/wp-content\\\/uploads\\\/sites\\\/22\\\/2025\\\/08\\\/Zeichenflaeche-1.png\",\"contentUrl\":\"https:\\\/\\\/staging.hdw-verden.de\\\/madeinkirchlinteln\\\/wp-content\\\/uploads\\\/sites\\\/22\\\/2025\\\/08\\\/Zeichenflaeche-1.png\",\"width\":1920,\"height\":1080,\"caption\":\"madeinkirchlintelnm\u00fchle\"},{\"@type\":\"BreadcrumbList\",\"@id\":\"https:\\\/\\\/staging.hdw-verden.de\\\/madeinkirchlinteln\\\/#breadcrumb\",\"itemListElement\":[{\"@type\":\"ListItem\",\"position\":1,\"name\":\"Startseite\",\"item\":\"https:\\\/\\\/staging.hdw-verden.de\\\/madeinkirchlinteln\\\/\"},{\"@type\":\"ListItem\",\"position\":2,\"name\":\"Startseite\"}]},{\"@type\":\"WebSite\",\"@id\":\"https:\\\/\\\/staging.hdw-verden.de\\\/madeinkirchlinteln\\\/#website\",\"url\":\"https:\\\/\\\/staging.hdw-verden.de\\\/madeinkirchlinteln\\\/\",\"name\":\"Made in Kirchlinteln\",\"description\":\"Menschen, Wirtschaft und Ideen\",\"publisher\":{\"@id\":\"https:\\\/\\\/staging.hdw-verden.de\\\/madeinkirchlinteln\\\/#organization\"},\"potentialAction\":[{\"@type\":\"SearchAction\",\"target\":{\"@type\":\"EntryPoint\",\"urlTemplate\":\"https:\\\/\\\/staging.hdw-verden.de\\\/madeinkirchlinteln\\\/?s={search_term_string}\"},\"query-input\":{\"@type\":\"PropertyValueSpecification\",\"valueRequired\":true,\"valueName\":\"search_term_string\"}}],\"inLanguage\":\"de\"},{\"@type\":\"Organization\",\"@id\":\"https:\\\/\\\/staging.hdw-verden.de\\\/madeinkirchlinteln\\\/#organization\",\"name\":\"Made in Kirchlinteln\",\"url\":\"https:\\\/\\\/staging.hdw-verden.de\\\/madeinkirchlinteln\\\/\",\"logo\":{\"@type\":\"ImageObject\",\"inLanguage\":\"de\",\"@id\":\"https:\\\/\\\/staging.hdw-verden.de\\\/madeinkirchlinteln\\\/#\\\/schema\\\/logo\\\/image\\\/\",\"url\":\"https:\\\/\\\/staging.hdw-verden.de\\\/madeinkirchlinteln\\\/wp-content\\\/uploads\\\/sites\\\/22\\\/2025\\\/08\\\/Logo_MIK_4c.png\",\"contentUrl\":\"https:\\\/\\\/staging.hdw-verden.de\\\/madeinkirchlinteln\\\/wp-content\\\/uploads\\\/sites\\\/22\\\/2025\\\/08\\\/Logo_MIK_4c.png\",\"width\":2031,\"height\":345,\"caption\":\"Made in Kirchlinteln\"},\"image\":{\"@id\":\"https:\\\/\\\/staging.hdw-verden.de\\\/madeinkirchlinteln\\\/#\\\/schema\\\/logo\\\/image\\\/\"}}]}<\/script>\n<!-- \/ Yoast SEO plugin. -->","yoast_head_json":{"title":"Startseite - Made in Kirchlinteln","description":"Made in Kirchlinteln \u2013 Ihr Portal f\u00fcr Jobs in Kirchlinteln und Infos \u00fcber lokale Unternehmen. Entdecken Sie aktuelle Stellenangebote und Chancen bei Arbeitgebern in der Region.","robots":{"index":"index","follow":"follow","max-snippet":"max-snippet:-1","max-image-preview":"max-image-preview:large","max-video-preview":"max-video-preview:-1"},"canonical":"https:\/\/staging.hdw-verden.de\/madeinkirchlinteln\/","og_locale":"de_DE","og_type":"article","og_title":"Startseite - Made in Kirchlinteln","og_description":"Made in Kirchlinteln \u2013 Ihr Portal f\u00fcr Jobs in Kirchlinteln und Infos \u00fcber lokale Unternehmen. Entdecken Sie aktuelle Stellenangebote und Chancen bei Arbeitgebern in der Region.","og_url":"https:\/\/staging.hdw-verden.de\/madeinkirchlinteln\/","og_site_name":"Made in Kirchlinteln","article_modified_time":"2026-01-02T12:14:20+00:00","og_image":[{"width":1024,"height":576,"url":"https:\/\/staging.hdw-verden.de\/madeinkirchlinteln\/wp-content\/uploads\/sites\/22\/2025\/08\/Zeichenflaeche-1-1024x576.png","type":"image\/png"}],"twitter_card":"summary_large_image","twitter_misc":{"Gesch\u00e4tzte Lesezeit":"4\u00a0Minuten"},"schema":{"@context":"https:\/\/schema.org","@graph":[{"@type":"WebPage","@id":"https:\/\/staging.hdw-verden.de\/madeinkirchlinteln\/","url":"https:\/\/staging.hdw-verden.de\/madeinkirchlinteln\/","name":"Startseite - Made in Kirchlinteln","isPartOf":{"@id":"https:\/\/staging.hdw-verden.de\/madeinkirchlinteln\/#website"},"primaryImageOfPage":{"@id":"https:\/\/staging.hdw-verden.de\/madeinkirchlinteln\/#primaryimage"},"image":{"@id":"https:\/\/staging.hdw-verden.de\/madeinkirchlinteln\/#primaryimage"},"thumbnailUrl":"https:\/\/staging.hdw-verden.de\/madeinkirchlinteln\/wp-content\/uploads\/sites\/22\/2025\/08\/Zeichenflaeche-1.png","datePublished":"2025-08-14T06:43:11+00:00","dateModified":"2026-01-02T12:14:20+00:00","description":"Made in Kirchlinteln \u2013 Ihr Portal f\u00fcr Jobs in Kirchlinteln und Infos \u00fcber lokale Unternehmen. Entdecken Sie aktuelle Stellenangebote und Chancen bei Arbeitgebern in der Region.","breadcrumb":{"@id":"https:\/\/staging.hdw-verden.de\/madeinkirchlinteln\/#breadcrumb"},"inLanguage":"de","potentialAction":[{"@type":"ReadAction","target":["https:\/\/staging.hdw-verden.de\/madeinkirchlinteln\/"]}]},{"@type":"ImageObject","inLanguage":"de","@id":"https:\/\/staging.hdw-verden.de\/madeinkirchlinteln\/#primaryimage","url":"https:\/\/staging.hdw-verden.de\/madeinkirchlinteln\/wp-content\/uploads\/sites\/22\/2025\/08\/Zeichenflaeche-1.png","contentUrl":"https:\/\/staging.hdw-verden.de\/madeinkirchlinteln\/wp-content\/uploads\/sites\/22\/2025\/08\/Zeichenflaeche-1.png","width":1920,"height":1080,"caption":"madeinkirchlintelnm\u00fchle"},{"@type":"BreadcrumbList","@id":"https:\/\/staging.hdw-verden.de\/madeinkirchlinteln\/#breadcrumb","itemListElement":[{"@type":"ListItem","position":1,"name":"Startseite","item":"https:\/\/staging.hdw-verden.de\/madeinkirchlinteln\/"},{"@type":"ListItem","position":2,"name":"Startseite"}]},{"@type":"WebSite","@id":"https:\/\/staging.hdw-verden.de\/madeinkirchlinteln\/#website","url":"https:\/\/staging.hdw-verden.de\/madeinkirchlinteln\/","name":"Made in Kirchlinteln","description":"Menschen, Wirtschaft und Ideen","publisher":{"@id":"https:\/\/staging.hdw-verden.de\/madeinkirchlinteln\/#organization"},"potentialAction":[{"@type":"SearchAction","target":{"@type":"EntryPoint","urlTemplate":"https:\/\/staging.hdw-verden.de\/madeinkirchlinteln\/?s={search_term_string}"},"query-input":{"@type":"PropertyValueSpecification","valueRequired":true,"valueName":"search_term_string"}}],"inLanguage":"de"},{"@type":"Organization","@id":"https:\/\/staging.hdw-verden.de\/madeinkirchlinteln\/#organization","name":"Made in Kirchlinteln","url":"https:\/\/staging.hdw-verden.de\/madeinkirchlinteln\/","logo":{"@type":"ImageObject","inLanguage":"de","@id":"https:\/\/staging.hdw-verden.de\/madeinkirchlinteln\/#\/schema\/logo\/image\/","url":"https:\/\/staging.hdw-verden.de\/madeinkirchlinteln\/wp-content\/uploads\/sites\/22\/2025\/08\/Logo_MIK_4c.png","contentUrl":"https:\/\/staging.hdw-verden.de\/madeinkirchlinteln\/wp-content\/uploads\/sites\/22\/2025\/08\/Logo_MIK_4c.png","width":2031,"height":345,"caption":"Made in Kirchlinteln"},"image":{"@id":"https:\/\/staging.hdw-verden.de\/madeinkirchlinteln\/#\/schema\/logo\/image\/"}}]}},"_links":{"self":[{"href":"https:\/\/staging.hdw-verden.de\/madeinkirchlinteln\/wp-json\/wp\/v2\/pages\/1689","targetHints":{"allow":["GET"]}}],"collection":[{"href":"https:\/\/staging.hdw-verden.de\/madeinkirchlinteln\/wp-json\/wp\/v2\/pages"}],"about":[{"href":"https:\/\/staging.hdw-verden.de\/madeinkirchlinteln\/wp-json\/wp\/v2\/types\/page"}],"author":[{"embeddable":true,"href":"https:\/\/staging.hdw-verden.de\/madeinkirchlinteln\/wp-json\/wp\/v2\/users\/11"}],"replies":[{"embeddable":true,"href":"https:\/\/staging.hdw-verden.de\/madeinkirchlinteln\/wp-json\/wp\/v2\/comments?post=1689"}],"version-history":[{"count":80,"href":"https:\/\/staging.hdw-verden.de\/madeinkirchlinteln\/wp-json\/wp\/v2\/pages\/1689\/revisions"}],"predecessor-version":[{"id":2130,"href":"https:\/\/staging.hdw-verden.de\/madeinkirchlinteln\/wp-json\/wp\/v2\/pages\/1689\/revisions\/2130"}],"wp:attachment":[{"href":"https:\/\/staging.hdw-verden.de\/madeinkirchlinteln\/wp-json\/wp\/v2\/media?parent=1689"}],"curies":[{"name":"wp","href":"https:\/\/api.w.org\/{rel}","templated":true}]}}